{"id":8493,"date":"2020-10-31T21:36:48","date_gmt":"2020-10-31T21:36:48","guid":{"rendered":"https:\/\/vivifrancia.com.ar\/2023\/?post_type=portfolio&#038;p=8493"},"modified":"2026-09-04T14:53:32","modified_gmt":"2026-09-04T14:53:32","slug":"brillat-savarin","status":"publish","type":"portfolio","link":"https:\/\/vivifrancia.com.ar\/2026\/listado\/brillat-savarin\/","title":{"rendered":"Brillat Savarin"},"content":{"rendered":"\n<style type=\"text\/css\" data-created_by=\"avia_inline_auto\" id=\"style-css-av-kgy7gii0-6e7f604648e453459fc6efd3a303be90\">\n.iconbox.av-kgy7gii0-6e7f604648e453459fc6efd3a303be90 .iconbox_content_container{\ncolor:#4c4c4c;\n}\n<\/style>\n<article  class='iconbox iconbox_left av-kgy7gii0-6e7f604648e453459fc6efd3a303be90  avia-builder-el-0  el_before_av_two_third  avia-builder-el-first '  itemscope=\"itemscope\" itemtype=\"https:\/\/schema.org\/CreativeWork\" ><div class=\"iconbox_content\"><header class=\"entry-content-header\" aria-label=\"Icon: Brillat Savarin\"><div class='iconbox_icon heading-color avia-iconfont avia-font-entypo-fontello' data-av_icon='\ue821' data-av_iconfont='entypo-fontello'  ><\/div><h3 class='iconbox_content_title '  itemprop=\"headline\" >Brillat Savarin<\/h3><\/header><div class='iconbox_content_container av_inherit_color'  itemprop=\"text\" ><p><span style=\"font-weight: 400\">Darragueira 7035, Chacras de Coria, Mendoza<\/span><span style=\"font-weight: 400\"><br \/>\n<\/span><span style=\"font-weight: 400\">Juan B. Justo 135, Ciudad de Mendoza<\/span><\/p>\n<\/div><\/div><footer class=\"entry-footer\"><\/footer><\/article>\n\n<style type=\"text\/css\" data-created_by=\"avia_inline_auto\" id=\"style-css-av-7tjfdp-6f307da206ade7d5acf2c529de5c50cf\">\n.flex_column.av-7tjfdp-6f307da206ade7d5acf2c529de5c50cf{\nborder-radius:0px 0px 0px 0px;\npadding:0px 0px 0px 0px;\n}\n<\/style>\n<div  class='flex_column av-7tjfdp-6f307da206ade7d5acf2c529de5c50cf av_two_third  avia-builder-el-1  el_after_av_icon_box  el_before_av_one_third  first flex_column_div av-zero-column-padding  '     ><p>\n<style type=\"text\/css\" data-created_by=\"avia_inline_auto\" id=\"style-css-av-mf6sivfn-346715498e2145eecab254cf97330a26\">\n.avia-image-container.av-mf6sivfn-346715498e2145eecab254cf97330a26 img.avia_image{\nbox-shadow:none;\n}\n.avia-image-container.av-mf6sivfn-346715498e2145eecab254cf97330a26 .av-image-caption-overlay-center{\ncolor:#ffffff;\n}\n<\/style>\n<div  class='avia-image-container av-mf6sivfn-346715498e2145eecab254cf97330a26 av-styling- avia-align-left  avia-builder-el-2  el_before_av_hr  avia-builder-el-first '   itemprop=\"image\" itemscope=\"itemscope\" itemtype=\"https:\/\/schema.org\/ImageObject\" ><div class=\"avia-image-container-inner\"><div class=\"avia-image-overlay-wrap\"><img decoding=\"async\" fetchpriority=\"high\" class='wp-image-16710 avia-img-lazy-loading-not-16710 avia_image ' src=\"https:\/\/vivifrancia.com.ar\/2026\/wp-content\/uploads\/sites\/48\/brillat-savarin-centro-1.jpg\" alt='' title='brillat-savarin-centro'  height=\"462\" width=\"700\"  itemprop=\"thumbnailUrl\" srcset=\"https:\/\/vivifrancia.com.ar\/2026\/wp-content\/uploads\/sites\/48\/brillat-savarin-centro-1.jpg 700w, https:\/\/vivifrancia.com.ar\/2026\/wp-content\/uploads\/sites\/48\/brillat-savarin-centro-1-300x198.jpg 300w\" sizes=\"(max-width: 700px) 100vw, 700px\" \/><\/div><\/div><\/div><br \/>\n\n<style type=\"text\/css\" data-created_by=\"avia_inline_auto\" id=\"style-css-av-5g02wd-bb525c114d9ae728b5bf907ffdf2712e\">\n#top .hr.hr-invisible.av-5g02wd-bb525c114d9ae728b5bf907ffdf2712e{\nheight:12px;\n}\n<\/style>\n<div  class='hr av-5g02wd-bb525c114d9ae728b5bf907ffdf2712e hr-invisible  avia-builder-el-3  el_after_av_image  el_before_av_textblock '><span class='hr-inner '><span class=\"hr-inner-style\"><\/span><\/span><\/div><br \/>\n\n<style type=\"text\/css\" data-created_by=\"avia_inline_auto\" id=\"style-css-av-kgy7h3c8-368d7650102cff00b7c7f7548421549d\">\n#top .av_textblock_section.av-kgy7h3c8-368d7650102cff00b7c7f7548421549d .avia_textblock{\nfont-size:15px;\n}\n<\/style>\n<section  class='av_textblock_section av-kgy7h3c8-368d7650102cff00b7c7f7548421549d '   itemscope=\"itemscope\" itemtype=\"https:\/\/schema.org\/CreativeWork\" ><div class='avia_textblock'  itemprop=\"text\" ><p><b>Tel.<\/b><span style=\"font-weight: 400\"> 496-1588 \u2013 <\/span><b>WhatsApp:<\/b><span style=\"font-weight: 400\"> +54 9 261 535-1923<\/span><span style=\"font-weight: 400\"><br \/>\n<\/span><b>Facebook e Instagram:<\/b><span style=\"font-weight: 400\"> @brillatsavarinmza \u2013 @cellierannamza<\/span><span style=\"font-weight: 400\"><br \/>\n<\/span><b>brillatsavarin.com.ar<\/b><\/p>\n<p><b>PROMO CAF\u00c9 + CANEL\u00c9<\/b><\/p>\n<p><b>Del 05\/09 al 13\/09, de 8 a 24 hs<\/b><\/p>\n<p><b>Anna Cellier y Anna Bistr\u00f3<\/b><\/p>\n<p><span style=\"font-weight: 400\">Ped\u00ed un caf\u00e9 y te invitamos a acompa\u00f1arlo con un <\/span><b>canel\u00e9<\/b><span style=\"font-weight: 400\">, postre ic\u00f3nico de Burdeos.<\/span><\/p>\n<p><b>CL\u00c1SICOS DE LA PASTELER\u00cdA FRANCESA ($12.000 c\/u)<\/b><\/p>\n<p><b>Viernes 11, s\u00e1bado 12 y domingo 13\/09<\/b><\/p>\n<p><span style=\"font-weight: 400\">Una interpretaci\u00f3n del laboratorio de sabores de <\/span><b>Brillat Savarin<\/b><span style=\"font-weight: 400\"> de dos grandes cl\u00e1sicos de la pasteler\u00eda francesa:<\/span><\/p>\n<p><b>Royal de chocolate \u2013 $12.000<\/b><span style=\"font-weight: 400\"><br \/>\n<\/span><b>Paris-Brest \u2013 $12.000<\/b><\/p>\n<\/div><\/section><br \/>\n<div  class='avia-button-wrap av-2nde8d-9091763f2b094485b3296db985343fc4-wrap avia-button-left  avia-builder-el-5  el_after_av_textblock  avia-builder-el-last '><a href='https:\/\/vivifrancia.com.ar\/2026\/ruta-gourmet-cuyo\/'  class='avia-button av-2nde8d-9091763f2b094485b3296db985343fc4 av-link-btn avia-icon_select-yes-left-icon avia-size-medium avia-position-left avia-color-theme-color'   aria-label=\"Regresar al listado\"><span class='avia_button_icon avia_button_icon_left avia-iconfont avia-font-entypo-fontello' data-av_icon='\ue884' data-av_iconfont='entypo-fontello' ><\/span><span class='avia_iconbox_title' >Regresar al listado<\/span><\/a><\/div><\/p><\/div>\n<style type=\"text\/css\" data-created_by=\"avia_inline_auto\" id=\"style-css-av-2lkg9p-8d1ab70213f89e24f1f306c1927193f9\">\n.flex_column.av-2lkg9p-8d1ab70213f89e24f1f306c1927193f9{\nborder-radius:0px 0px 0px 0px;\npadding:0px 0px 0px 0px;\n}\n<\/style>\n<div  class='flex_column av-2lkg9p-8d1ab70213f89e24f1f306c1927193f9 av_one_third  avia-builder-el-6  el_after_av_two_third  avia-builder-el-last  flex_column_div av-zero-column-padding  '     ><\/div><\/p>\n","protected":false},"excerpt":{"rendered":"<p>Chacras de Coria &#8211; Ciudad de Mendoza<\/p>\n","protected":false},"author":1,"featured_media":16857,"comment_status":"closed","ping_status":"closed","template":"","meta":{"inline_featured_image":false,"footnotes":""},"tags":[],"portfolio_entries":[132,152],"class_list":["post-8493","portfolio","type-portfolio","status-publish","has-post-thumbnail","hentry","portfolio_entries-mendoza","portfolio_entries-panaderias-pastelerias-mendoza"],"yoast_head":"<!-- This site is optimized with the Yoast SEO plugin v28.4 - https:\/\/yoast.com\/product\/yoast-seo-wordpress\/ -->\n<title>Brillat Savarin - Viv\u00ed Francia 2026<\/title>\n<meta name=\"robots\" content=\"index, follow, max-snippet:-1, max-image-preview:large, max-video-preview:-1\" \/>\n<link rel=\"canonical\" href=\"https:\/\/vivifrancia.com.ar\/2026\/listado\/brillat-savarin\/\" \/>\n<meta property=\"og:locale\" content=\"es_ES\" \/>\n<meta property=\"og:type\" content=\"article\" \/>\n<meta property=\"og:title\" content=\"Brillat Savarin - Viv\u00ed Francia 2026\" \/>\n<meta property=\"og:description\" content=\"Chacras de Coria - Ciudad de Mendoza\" \/>\n<meta property=\"og:url\" content=\"https:\/\/vivifrancia.com.ar\/2026\/listado\/brillat-savarin\/\" \/>\n<meta property=\"og:site_name\" content=\"Viv\u00ed Francia 2026\" \/>\n<meta property=\"article:publisher\" content=\"https:\/\/www.facebook.com\/vivifranciaba\" \/>\n<meta property=\"article:modified_time\" content=\"2026-09-04T14:53:32+00:00\" \/>\n<meta property=\"og:image\" content=\"https:\/\/vivifrancia.com.ar\/2026\/wp-content\/uploads\/sites\/48\/brillat-1.jpg\" \/>\n\t<meta property=\"og:image:width\" content=\"495\" \/>\n\t<meta property=\"og:image:height\" content=\"400\" \/>\n\t<meta property=\"og:image:type\" content=\"image\/jpeg\" \/>\n<meta name=\"twitter:card\" content=\"summary_large_image\" \/>\n<meta name=\"twitter:label1\" content=\"Tiempo de lectura\" \/>\n\t<meta name=\"twitter:data1\" content=\"1 minuto\" \/>\n<script type=\"application\/ld+json\" class=\"yoast-schema-graph\">{\"@context\":\"https:\\\/\\\/schema.org\",\"@graph\":[{\"@type\":\"WebPage\",\"@id\":\"https:\\\/\\\/vivifrancia.com.ar\\\/2026\\\/listado\\\/brillat-savarin\\\/\",\"url\":\"https:\\\/\\\/vivifrancia.com.ar\\\/2026\\\/listado\\\/brillat-savarin\\\/\",\"name\":\"Brillat Savarin - Viv\u00ed Francia 2026\",\"isPartOf\":{\"@id\":\"https:\\\/\\\/vivifrancia.com.ar\\\/2026\\\/#website\"},\"primaryImageOfPage\":{\"@id\":\"https:\\\/\\\/vivifrancia.com.ar\\\/2026\\\/listado\\\/brillat-savarin\\\/#primaryimage\"},\"image\":{\"@id\":\"https:\\\/\\\/vivifrancia.com.ar\\\/2026\\\/listado\\\/brillat-savarin\\\/#primaryimage\"},\"thumbnailUrl\":\"https:\\\/\\\/vivifrancia.com.ar\\\/2026\\\/wp-content\\\/uploads\\\/sites\\\/48\\\/brillat-1.jpg\",\"datePublished\":\"2020-10-31T21:36:48+00:00\",\"dateModified\":\"2026-09-04T14:53:32+00:00\",\"breadcrumb\":{\"@id\":\"https:\\\/\\\/vivifrancia.com.ar\\\/2026\\\/listado\\\/brillat-savarin\\\/#breadcrumb\"},\"inLanguage\":\"es\",\"potentialAction\":[{\"@type\":\"ReadAction\",\"target\":[\"https:\\\/\\\/vivifrancia.com.ar\\\/2026\\\/listado\\\/brillat-savarin\\\/\"]}]},{\"@type\":\"ImageObject\",\"inLanguage\":\"es\",\"@id\":\"https:\\\/\\\/vivifrancia.com.ar\\\/2026\\\/listado\\\/brillat-savarin\\\/#primaryimage\",\"url\":\"https:\\\/\\\/vivifrancia.com.ar\\\/2026\\\/wp-content\\\/uploads\\\/sites\\\/48\\\/brillat-1.jpg\",\"contentUrl\":\"https:\\\/\\\/vivifrancia.com.ar\\\/2026\\\/wp-content\\\/uploads\\\/sites\\\/48\\\/brillat-1.jpg\",\"width\":495,\"height\":400},{\"@type\":\"BreadcrumbList\",\"@id\":\"https:\\\/\\\/vivifrancia.com.ar\\\/2026\\\/listado\\\/brillat-savarin\\\/#breadcrumb\",\"itemListElement\":[{\"@type\":\"ListItem\",\"position\":1,\"name\":\"Portada\",\"item\":\"https:\\\/\\\/vivifrancia.com.ar\\\/2026\\\/\"},{\"@type\":\"ListItem\",\"position\":2,\"name\":\"Brillat Savarin\"}]},{\"@type\":\"WebSite\",\"@id\":\"https:\\\/\\\/vivifrancia.com.ar\\\/2026\\\/#website\",\"url\":\"https:\\\/\\\/vivifrancia.com.ar\\\/2026\\\/\",\"name\":\"Viv\u00ed Francia 2026\",\"description\":\"Las semanas francesas en Argentina\",\"potentialAction\":[{\"@type\":\"SearchAction\",\"target\":{\"@type\":\"EntryPoint\",\"urlTemplate\":\"https:\\\/\\\/vivifrancia.com.ar\\\/2026\\\/?s={search_term_string}\"},\"query-input\":{\"@type\":\"PropertyValueSpecification\",\"valueRequired\":true,\"valueName\":\"search_term_string\"}}],\"inLanguage\":\"es\"}]}<\/script>\n<!-- \/ Yoast SEO plugin. -->","yoast_head_json":{"title":"Brillat Savarin - Viv\u00ed Francia 2026","robots":{"index":"index","follow":"follow","max-snippet":"max-snippet:-1","max-image-preview":"max-image-preview:large","max-video-preview":"max-video-preview:-1"},"canonical":"https:\/\/vivifrancia.com.ar\/2026\/listado\/brillat-savarin\/","og_locale":"es_ES","og_type":"article","og_title":"Brillat Savarin - Viv\u00ed Francia 2026","og_description":"Chacras de Coria - Ciudad de Mendoza","og_url":"https:\/\/vivifrancia.com.ar\/2026\/listado\/brillat-savarin\/","og_site_name":"Viv\u00ed Francia 2026","article_publisher":"https:\/\/www.facebook.com\/vivifranciaba","article_modified_time":"2026-09-04T14:53:32+00:00","og_image":[{"width":495,"height":400,"url":"https:\/\/vivifrancia.com.ar\/2026\/wp-content\/uploads\/sites\/48\/brillat-1.jpg","type":"image\/jpeg"}],"twitter_card":"summary_large_image","twitter_misc":{"Tiempo de lectura":"1 minuto"},"schema":{"@context":"https:\/\/schema.org","@graph":[{"@type":"WebPage","@id":"https:\/\/vivifrancia.com.ar\/2026\/listado\/brillat-savarin\/","url":"https:\/\/vivifrancia.com.ar\/2026\/listado\/brillat-savarin\/","name":"Brillat Savarin - Viv\u00ed Francia 2026","isPartOf":{"@id":"https:\/\/vivifrancia.com.ar\/2026\/#website"},"primaryImageOfPage":{"@id":"https:\/\/vivifrancia.com.ar\/2026\/listado\/brillat-savarin\/#primaryimage"},"image":{"@id":"https:\/\/vivifrancia.com.ar\/2026\/listado\/brillat-savarin\/#primaryimage"},"thumbnailUrl":"https:\/\/vivifrancia.com.ar\/2026\/wp-content\/uploads\/sites\/48\/brillat-1.jpg","datePublished":"2020-10-31T21:36:48+00:00","dateModified":"2026-09-04T14:53:32+00:00","breadcrumb":{"@id":"https:\/\/vivifrancia.com.ar\/2026\/listado\/brillat-savarin\/#breadcrumb"},"inLanguage":"es","potentialAction":[{"@type":"ReadAction","target":["https:\/\/vivifrancia.com.ar\/2026\/listado\/brillat-savarin\/"]}]},{"@type":"ImageObject","inLanguage":"es","@id":"https:\/\/vivifrancia.com.ar\/2026\/listado\/brillat-savarin\/#primaryimage","url":"https:\/\/vivifrancia.com.ar\/2026\/wp-content\/uploads\/sites\/48\/brillat-1.jpg","contentUrl":"https:\/\/vivifrancia.com.ar\/2026\/wp-content\/uploads\/sites\/48\/brillat-1.jpg","width":495,"height":400},{"@type":"BreadcrumbList","@id":"https:\/\/vivifrancia.com.ar\/2026\/listado\/brillat-savarin\/#breadcrumb","itemListElement":[{"@type":"ListItem","position":1,"name":"Portada","item":"https:\/\/vivifrancia.com.ar\/2026\/"},{"@type":"ListItem","position":2,"name":"Brillat Savarin"}]},{"@type":"WebSite","@id":"https:\/\/vivifrancia.com.ar\/2026\/#website","url":"https:\/\/vivifrancia.com.ar\/2026\/","name":"Viv\u00ed Francia 2026","description":"Las semanas francesas en Argentina","potentialAction":[{"@type":"SearchAction","target":{"@type":"EntryPoint","urlTemplate":"https:\/\/vivifrancia.com.ar\/2026\/?s={search_term_string}"},"query-input":{"@type":"PropertyValueSpecification","valueRequired":true,"valueName":"search_term_string"}}],"inLanguage":"es"}]}},"_links":{"self":[{"href":"https:\/\/vivifrancia.com.ar\/2026\/wp-json\/wp\/v2\/portfolio\/8493","targetHints":{"allow":["GET"]}}],"collection":[{"href":"https:\/\/vivifrancia.com.ar\/2026\/wp-json\/wp\/v2\/portfolio"}],"about":[{"href":"https:\/\/vivifrancia.com.ar\/2026\/wp-json\/wp\/v2\/types\/portfolio"}],"author":[{"embeddable":true,"href":"https:\/\/vivifrancia.com.ar\/2026\/wp-json\/wp\/v2\/users\/1"}],"replies":[{"embeddable":true,"href":"https:\/\/vivifrancia.com.ar\/2026\/wp-json\/wp\/v2\/comments?post=8493"}],"version-history":[{"count":24,"href":"https:\/\/vivifrancia.com.ar\/2026\/wp-json\/wp\/v2\/portfolio\/8493\/revisions"}],"predecessor-version":[{"id":13905,"href":"https:\/\/vivifrancia.com.ar\/2026\/wp-json\/wp\/v2\/portfolio\/8493\/revisions\/13905"}],"wp:featuredmedia":[{"embeddable":true,"href":"https:\/\/vivifrancia.com.ar\/2026\/wp-json\/wp\/v2\/media\/16857"}],"wp:attachment":[{"href":"https:\/\/vivifrancia.com.ar\/2026\/wp-json\/wp\/v2\/media?parent=8493"}],"wp:term":[{"taxonomy":"post_tag","embeddable":true,"href":"https:\/\/vivifrancia.com.ar\/2026\/wp-json\/wp\/v2\/tags?post=8493"},{"taxonomy":"portfolio_entries","embeddable":true,"href":"https:\/\/vivifrancia.com.ar\/2026\/wp-json\/wp\/v2\/portfolio_entries?post=8493"}],"curies":[{"name":"wp","href":"https:\/\/api.w.org\/{rel}","templated":true}]}}