{"id":18163,"date":"2026-09-04T14:38:56","date_gmt":"2026-09-04T14:38:56","guid":{"rendered":"https:\/\/vivifrancia.com.ar\/2026\/?post_type=portfolio&#038;p=18163"},"modified":"2026-09-04T14:50:44","modified_gmt":"2026-09-04T14:50:44","slug":"anna-cellier","status":"publish","type":"portfolio","link":"https:\/\/vivifrancia.com.ar\/2026\/listado\/anna-cellier\/","title":{"rendered":"Anna Cellier"},"content":{"rendered":"\n<style type=\"text\/css\" data-created_by=\"avia_inline_auto\" id=\"style-css-av-lm7tutsh-b15f1220911b0bb33f6c4b7ef103c7a1\">\n.iconbox.av-lm7tutsh-b15f1220911b0bb33f6c4b7ef103c7a1 .iconbox_content_container{\ncolor:#4c4c4c;\n}\n<\/style>\n<article  class='iconbox iconbox_left av-lm7tutsh-b15f1220911b0bb33f6c4b7ef103c7a1  avia-builder-el-0  el_before_av_one_full  avia-builder-el-first '  itemscope=\"itemscope\" itemtype=\"https:\/\/schema.org\/CreativeWork\" ><div class=\"iconbox_content\"><header class=\"entry-content-header\" aria-label=\"Icon: Anna Cellier\"><div class='iconbox_icon heading-color avia-iconfont avia-font-entypo-fontello' data-av_icon='\ue821' data-av_iconfont='entypo-fontello'  ><\/div><h3 class='iconbox_content_title '  itemprop=\"headline\" >Anna Cellier<\/h3><\/header><div class='iconbox_content_container av_inherit_color'  itemprop=\"text\" ><p><span style=\"font-weight: 400\">Darragueira 7035, Chacras de Coria, Mendoza<\/span><\/p>\n<\/div><\/div><footer class=\"entry-footer\"><\/footer><\/article>\n\n<style type=\"text\/css\" data-created_by=\"avia_inline_auto\" id=\"style-css-av-1slpv3e-1b5554884284fa86223fd40411b539ea\">\n.flex_column.av-1slpv3e-1b5554884284fa86223fd40411b539ea{\nborder-radius:0px 0px 0px 0px;\npadding:0px 0px 0px 0px;\n}\n<\/style>\n<div  class='flex_column av-1slpv3e-1b5554884284fa86223fd40411b539ea av_one_full  avia-builder-el-1  el_after_av_icon_box  avia-builder-el-last  first flex_column_div av-zero-column-padding  '     ><p>\n<style type=\"text\/css\" data-created_by=\"avia_inline_auto\" id=\"style-css-av-lm7tvc4u-0c16f04e0ccf8991e94a441f24d6cadd\">\n.avia-image-container.av-lm7tvc4u-0c16f04e0ccf8991e94a441f24d6cadd img.avia_image{\nbox-shadow:none;\n}\n.avia-image-container.av-lm7tvc4u-0c16f04e0ccf8991e94a441f24d6cadd .av-image-caption-overlay-center{\ncolor:#ffffff;\n}\n<\/style>\n<div  class='avia-image-container av-lm7tvc4u-0c16f04e0ccf8991e94a441f24d6cadd av-styling-no-styling avia-align-left  avia-builder-el-2  el_before_av_hr  avia-builder-el-first '   itemprop=\"image\" itemscope=\"itemscope\" itemtype=\"https:\/\/schema.org\/ImageObject\" ><div class=\"avia-image-container-inner\"><div class=\"avia-image-overlay-wrap\"><img decoding=\"async\" fetchpriority=\"high\" class='wp-image-18165 avia-img-lazy-loading-not-18165 avia_image ' src=\"https:\/\/vivifrancia.com.ar\/2026\/wp-content\/uploads\/sites\/48\/Anna-Cellier2-1.jpg\" alt='' title='Anna Cellier2'  height=\"490\" width=\"800\"  itemprop=\"thumbnailUrl\" srcset=\"https:\/\/vivifrancia.com.ar\/2026\/wp-content\/uploads\/sites\/48\/Anna-Cellier2-1.jpg 800w, https:\/\/vivifrancia.com.ar\/2026\/wp-content\/uploads\/sites\/48\/Anna-Cellier2-1-300x184.jpg 300w, https:\/\/vivifrancia.com.ar\/2026\/wp-content\/uploads\/sites\/48\/Anna-Cellier2-1-768x470.jpg 768w, https:\/\/vivifrancia.com.ar\/2026\/wp-content\/uploads\/sites\/48\/Anna-Cellier2-1-705x432.jpg 705w\" sizes=\"(max-width: 800px) 100vw, 800px\" \/><\/div><\/div><\/div><br \/>\n\n<style type=\"text\/css\" data-created_by=\"avia_inline_auto\" id=\"style-css-av-3tnpsa-6471648933376125cbd73e2a8178712d\">\n#top .hr.hr-invisible.av-3tnpsa-6471648933376125cbd73e2a8178712d{\nheight:12px;\n}\n<\/style>\n<div  class='hr av-3tnpsa-6471648933376125cbd73e2a8178712d hr-invisible  avia-builder-el-3  el_after_av_image  el_before_av_textblock '><span class='hr-inner '><span class=\"hr-inner-style\"><\/span><\/span><\/div><br \/>\n\n<style type=\"text\/css\" data-created_by=\"avia_inline_auto\" id=\"style-css-av-lm7txhyg-3e6a1df358145ae1f325523dc8077719\">\n#top .av_textblock_section.av-lm7txhyg-3e6a1df358145ae1f325523dc8077719 .avia_textblock{\nfont-size:15px;\n}\n<\/style>\n<section  class='av_textblock_section av-lm7txhyg-3e6a1df358145ae1f325523dc8077719 '   itemscope=\"itemscope\" itemtype=\"https:\/\/schema.org\/CreativeWork\" ><div class='avia_textblock'  itemprop=\"text\" ><p><b>Tel.<\/b><span style=\"font-weight: 400\"> 496-1588 \u2013 <\/span><b>WhatsApp:<\/b><span style=\"font-weight: 400\"> +54 9 261 535-1923<\/span><span style=\"font-weight: 400\"><br \/>\n<\/span><b>Facebook e Instagram:<\/b><span style=\"font-weight: 400\"> @brillatsavarinmza \u2013 @cellierannamza<\/span><span style=\"font-weight: 400\"><br \/>\n<\/span><b>brillatsavarin.com.ar<\/b><\/p>\n<p><b>MEN\u00da FRANC\u00c9S ($46.000)<\/b><\/p>\n<p><b>Cena jueves 10\/09<\/b><\/p>\n<p><span style=\"font-weight: 400\">Un men\u00fa t\u00edpicamente franc\u00e9s que invita a descubrir algunos de los sabores emblem\u00e1ticos de su gastronom\u00eda.<\/span><\/p>\n<p><b>Men\u00fa:<\/b><span style=\"font-weight: 400\"> Ensalada <\/span><i><span style=\"font-weight: 400\">auvergnate<\/span><\/i><span style=\"font-weight: 400\">, <\/span><i><span style=\"font-weight: 400\">saucisse fa\u00e7on Morteau<\/span><\/i><span style=\"font-weight: 400\">, salsa de mostaza y <\/span><i><span style=\"font-weight: 400\">choucroute<\/span><\/i><span style=\"font-weight: 400\">; d\u00fao de quesos, selecci\u00f3n Cellier; canel\u00e9 con caf\u00e9.<\/span><\/p>\n<p><b>Incluye una bebida y una copa de vino.<\/b><\/p>\n<p><b>PROMO CAF\u00c9 + CANEL\u00c9<\/b><\/p>\n<p><b>Durante Viv\u00ed Francia, de 8 a 24 hs<\/b><\/p>\n<p><b>Anna Cellier y Anna Bistr\u00f3<\/b><\/p>\n<p><span style=\"font-weight: 400\">Ped\u00ed un caf\u00e9 y te invitamos a acompa\u00f1arlo con un <\/span><b>canel\u00e9<\/b><span style=\"font-weight: 400\">, postre ic\u00f3nico de Burdeos.<\/span><\/p>\n<\/div><\/section><br \/>\n<div  class='avia-button-wrap av-whi2ay-74c1dde7b1fc7e9a74ad5db0158e6ae8-wrap avia-button-left  avia-builder-el-5  el_after_av_textblock  avia-builder-el-last '><a href='https:\/\/vivifrancia.com.ar\/2026\/ruta-gourmet-cuyo\/'  class='avia-button av-whi2ay-74c1dde7b1fc7e9a74ad5db0158e6ae8 av-link-btn avia-icon_select-yes-left-icon avia-size-medium avia-position-left avia-color-theme-color'   aria-label=\"Regresar al listado\"><span class='avia_button_icon avia_button_icon_left avia-iconfont avia-font-entypo-fontello' data-av_icon='\ue884' data-av_iconfont='entypo-fontello' ><\/span><span class='avia_iconbox_title' >Regresar al listado<\/span><\/a><\/div><\/p><\/div>\n","protected":false},"excerpt":{"rendered":"<p>Chacras de Coria<\/p>\n","protected":false},"author":7,"featured_media":18164,"comment_status":"closed","ping_status":"closed","template":"","meta":{"inline_featured_image":false,"footnotes":""},"tags":[],"portfolio_entries":[132,151],"class_list":["post-18163","portfolio","type-portfolio","status-publish","has-post-thumbnail","hentry","portfolio_entries-mendoza","portfolio_entries-restaurantes-mendoza"],"yoast_head":"<!-- This site is optimized with the Yoast SEO plugin v28.4 - https:\/\/yoast.com\/product\/yoast-seo-wordpress\/ -->\n<title>Anna Cellier - Viv\u00ed Francia 2026<\/title>\n<meta name=\"robots\" content=\"index, follow, max-snippet:-1, max-image-preview:large, max-video-preview:-1\" \/>\n<link rel=\"canonical\" href=\"https:\/\/vivifrancia.com.ar\/2026\/listado\/anna-cellier\/\" \/>\n<meta property=\"og:locale\" content=\"es_ES\" \/>\n<meta property=\"og:type\" content=\"article\" \/>\n<meta property=\"og:title\" content=\"Anna Cellier - Viv\u00ed Francia 2026\" \/>\n<meta property=\"og:description\" content=\"Chacras de Coria\" \/>\n<meta property=\"og:url\" content=\"https:\/\/vivifrancia.com.ar\/2026\/listado\/anna-cellier\/\" \/>\n<meta property=\"og:site_name\" content=\"Viv\u00ed Francia 2026\" \/>\n<meta property=\"article:publisher\" content=\"https:\/\/www.facebook.com\/vivifranciaba\" \/>\n<meta property=\"article:modified_time\" content=\"2026-09-04T14:50:44+00:00\" \/>\n<meta property=\"og:image\" content=\"https:\/\/vivifrancia.com.ar\/2026\/wp-content\/uploads\/sites\/48\/cellier-1.jpg\" \/>\n\t<meta property=\"og:image:width\" content=\"495\" \/>\n\t<meta property=\"og:image:height\" content=\"400\" \/>\n\t<meta property=\"og:image:type\" content=\"image\/jpeg\" \/>\n<meta name=\"twitter:card\" content=\"summary_large_image\" \/>\n<meta name=\"twitter:label1\" content=\"Tiempo de lectura\" \/>\n\t<meta name=\"twitter:data1\" content=\"1 minuto\" \/>\n<script type=\"application\/ld+json\" class=\"yoast-schema-graph\">{\"@context\":\"https:\\\/\\\/schema.org\",\"@graph\":[{\"@type\":\"WebPage\",\"@id\":\"https:\\\/\\\/vivifrancia.com.ar\\\/2026\\\/listado\\\/anna-cellier\\\/\",\"url\":\"https:\\\/\\\/vivifrancia.com.ar\\\/2026\\\/listado\\\/anna-cellier\\\/\",\"name\":\"Anna Cellier - Viv\u00ed Francia 2026\",\"isPartOf\":{\"@id\":\"https:\\\/\\\/vivifrancia.com.ar\\\/2026\\\/#website\"},\"primaryImageOfPage\":{\"@id\":\"https:\\\/\\\/vivifrancia.com.ar\\\/2026\\\/listado\\\/anna-cellier\\\/#primaryimage\"},\"image\":{\"@id\":\"https:\\\/\\\/vivifrancia.com.ar\\\/2026\\\/listado\\\/anna-cellier\\\/#primaryimage\"},\"thumbnailUrl\":\"https:\\\/\\\/vivifrancia.com.ar\\\/2026\\\/wp-content\\\/uploads\\\/sites\\\/48\\\/cellier-1.jpg\",\"datePublished\":\"2026-09-04T14:38:56+00:00\",\"dateModified\":\"2026-09-04T14:50:44+00:00\",\"breadcrumb\":{\"@id\":\"https:\\\/\\\/vivifrancia.com.ar\\\/2026\\\/listado\\\/anna-cellier\\\/#breadcrumb\"},\"inLanguage\":\"es\",\"potentialAction\":[{\"@type\":\"ReadAction\",\"target\":[\"https:\\\/\\\/vivifrancia.com.ar\\\/2026\\\/listado\\\/anna-cellier\\\/\"]}]},{\"@type\":\"ImageObject\",\"inLanguage\":\"es\",\"@id\":\"https:\\\/\\\/vivifrancia.com.ar\\\/2026\\\/listado\\\/anna-cellier\\\/#primaryimage\",\"url\":\"https:\\\/\\\/vivifrancia.com.ar\\\/2026\\\/wp-content\\\/uploads\\\/sites\\\/48\\\/cellier-1.jpg\",\"contentUrl\":\"https:\\\/\\\/vivifrancia.com.ar\\\/2026\\\/wp-content\\\/uploads\\\/sites\\\/48\\\/cellier-1.jpg\",\"width\":495,\"height\":400},{\"@type\":\"BreadcrumbList\",\"@id\":\"https:\\\/\\\/vivifrancia.com.ar\\\/2026\\\/listado\\\/anna-cellier\\\/#breadcrumb\",\"itemListElement\":[{\"@type\":\"ListItem\",\"position\":1,\"name\":\"Portada\",\"item\":\"https:\\\/\\\/vivifrancia.com.ar\\\/2026\\\/\"},{\"@type\":\"ListItem\",\"position\":2,\"name\":\"Anna Cellier\"}]},{\"@type\":\"WebSite\",\"@id\":\"https:\\\/\\\/vivifrancia.com.ar\\\/2026\\\/#website\",\"url\":\"https:\\\/\\\/vivifrancia.com.ar\\\/2026\\\/\",\"name\":\"Viv\u00ed Francia 2026\",\"description\":\"Las semanas francesas en Argentina\",\"potentialAction\":[{\"@type\":\"SearchAction\",\"target\":{\"@type\":\"EntryPoint\",\"urlTemplate\":\"https:\\\/\\\/vivifrancia.com.ar\\\/2026\\\/?s={search_term_string}\"},\"query-input\":{\"@type\":\"PropertyValueSpecification\",\"valueRequired\":true,\"valueName\":\"search_term_string\"}}],\"inLanguage\":\"es\"}]}<\/script>\n<!-- \/ Yoast SEO plugin. -->","yoast_head_json":{"title":"Anna Cellier - Viv\u00ed Francia 2026","robots":{"index":"index","follow":"follow","max-snippet":"max-snippet:-1","max-image-preview":"max-image-preview:large","max-video-preview":"max-video-preview:-1"},"canonical":"https:\/\/vivifrancia.com.ar\/2026\/listado\/anna-cellier\/","og_locale":"es_ES","og_type":"article","og_title":"Anna Cellier - Viv\u00ed Francia 2026","og_description":"Chacras de Coria","og_url":"https:\/\/vivifrancia.com.ar\/2026\/listado\/anna-cellier\/","og_site_name":"Viv\u00ed Francia 2026","article_publisher":"https:\/\/www.facebook.com\/vivifranciaba","article_modified_time":"2026-09-04T14:50:44+00:00","og_image":[{"width":495,"height":400,"url":"https:\/\/vivifrancia.com.ar\/2026\/wp-content\/uploads\/sites\/48\/cellier-1.jpg","type":"image\/jpeg"}],"twitter_card":"summary_large_image","twitter_misc":{"Tiempo de lectura":"1 minuto"},"schema":{"@context":"https:\/\/schema.org","@graph":[{"@type":"WebPage","@id":"https:\/\/vivifrancia.com.ar\/2026\/listado\/anna-cellier\/","url":"https:\/\/vivifrancia.com.ar\/2026\/listado\/anna-cellier\/","name":"Anna Cellier - Viv\u00ed Francia 2026","isPartOf":{"@id":"https:\/\/vivifrancia.com.ar\/2026\/#website"},"primaryImageOfPage":{"@id":"https:\/\/vivifrancia.com.ar\/2026\/listado\/anna-cellier\/#primaryimage"},"image":{"@id":"https:\/\/vivifrancia.com.ar\/2026\/listado\/anna-cellier\/#primaryimage"},"thumbnailUrl":"https:\/\/vivifrancia.com.ar\/2026\/wp-content\/uploads\/sites\/48\/cellier-1.jpg","datePublished":"2026-09-04T14:38:56+00:00","dateModified":"2026-09-04T14:50:44+00:00","breadcrumb":{"@id":"https:\/\/vivifrancia.com.ar\/2026\/listado\/anna-cellier\/#breadcrumb"},"inLanguage":"es","potentialAction":[{"@type":"ReadAction","target":["https:\/\/vivifrancia.com.ar\/2026\/listado\/anna-cellier\/"]}]},{"@type":"ImageObject","inLanguage":"es","@id":"https:\/\/vivifrancia.com.ar\/2026\/listado\/anna-cellier\/#primaryimage","url":"https:\/\/vivifrancia.com.ar\/2026\/wp-content\/uploads\/sites\/48\/cellier-1.jpg","contentUrl":"https:\/\/vivifrancia.com.ar\/2026\/wp-content\/uploads\/sites\/48\/cellier-1.jpg","width":495,"height":400},{"@type":"BreadcrumbList","@id":"https:\/\/vivifrancia.com.ar\/2026\/listado\/anna-cellier\/#breadcrumb","itemListElement":[{"@type":"ListItem","position":1,"name":"Portada","item":"https:\/\/vivifrancia.com.ar\/2026\/"},{"@type":"ListItem","position":2,"name":"Anna Cellier"}]},{"@type":"WebSite","@id":"https:\/\/vivifrancia.com.ar\/2026\/#website","url":"https:\/\/vivifrancia.com.ar\/2026\/","name":"Viv\u00ed Francia 2026","description":"Las semanas francesas en Argentina","potentialAction":[{"@type":"SearchAction","target":{"@type":"EntryPoint","urlTemplate":"https:\/\/vivifrancia.com.ar\/2026\/?s={search_term_string}"},"query-input":{"@type":"PropertyValueSpecification","valueRequired":true,"valueName":"search_term_string"}}],"inLanguage":"es"}]}},"_links":{"self":[{"href":"https:\/\/vivifrancia.com.ar\/2026\/wp-json\/wp\/v2\/portfolio\/18163","targetHints":{"allow":["GET"]}}],"collection":[{"href":"https:\/\/vivifrancia.com.ar\/2026\/wp-json\/wp\/v2\/portfolio"}],"about":[{"href":"https:\/\/vivifrancia.com.ar\/2026\/wp-json\/wp\/v2\/types\/portfolio"}],"author":[{"embeddable":true,"href":"https:\/\/vivifrancia.com.ar\/2026\/wp-json\/wp\/v2\/users\/7"}],"replies":[{"embeddable":true,"href":"https:\/\/vivifrancia.com.ar\/2026\/wp-json\/wp\/v2\/comments?post=18163"}],"version-history":[{"count":3,"href":"https:\/\/vivifrancia.com.ar\/2026\/wp-json\/wp\/v2\/portfolio\/18163\/revisions"}],"predecessor-version":[{"id":18173,"href":"https:\/\/vivifrancia.com.ar\/2026\/wp-json\/wp\/v2\/portfolio\/18163\/revisions\/18173"}],"wp:featuredmedia":[{"embeddable":true,"href":"https:\/\/vivifrancia.com.ar\/2026\/wp-json\/wp\/v2\/media\/18164"}],"wp:attachment":[{"href":"https:\/\/vivifrancia.com.ar\/2026\/wp-json\/wp\/v2\/media?parent=18163"}],"wp:term":[{"taxonomy":"post_tag","embeddable":true,"href":"https:\/\/vivifrancia.com.ar\/2026\/wp-json\/wp\/v2\/tags?post=18163"},{"taxonomy":"portfolio_entries","embeddable":true,"href":"https:\/\/vivifrancia.com.ar\/2026\/wp-json\/wp\/v2\/portfolio_entries?post=18163"}],"curies":[{"name":"wp","href":"https:\/\/api.w.org\/{rel}","templated":true}]}}