{"id":16864,"date":"2025-09-05T12:27:06","date_gmt":"2025-09-05T12:27:06","guid":{"rendered":"https:\/\/vivifrancia.com.ar\/2026\/?post_type=portfolio&#038;p=16864"},"modified":"2026-09-04T14:56:01","modified_gmt":"2026-09-04T14:56:01","slug":"cafe-gourmand","status":"publish","type":"portfolio","link":"https:\/\/vivifrancia.com.ar\/2026\/listado\/cafe-gourmand\/","title":{"rendered":"Caf\u00e9 Gourmand"},"content":{"rendered":"\n<style type=\"text\/css\" data-created_by=\"avia_inline_auto\" id=\"style-css-av-mf6swga9-2c3df8825dd9b2b8dc01538ea9da1bc8\">\n.iconbox.av-mf6swga9-2c3df8825dd9b2b8dc01538ea9da1bc8 .iconbox_content_container{\ncolor:#4c4c4c;\n}\n<\/style>\n<article  class='iconbox iconbox_left av-mf6swga9-2c3df8825dd9b2b8dc01538ea9da1bc8  avia-builder-el-0  el_before_av_image  avia-builder-el-first '  itemscope=\"itemscope\" itemtype=\"https:\/\/schema.org\/CreativeWork\" ><div class=\"iconbox_content\"><header class=\"entry-content-header\" aria-label=\"Icon: Caf\u00e9 Gourmand\"><div class='iconbox_icon heading-color avia-iconfont avia-font-entypo-fontello' data-av_icon='\ue821' data-av_iconfont='entypo-fontello'  ><\/div><h3 class='iconbox_content_title '  itemprop=\"headline\" >Caf\u00e9 Gourmand<\/h3><\/header><div class='iconbox_content_container av_inherit_color'  itemprop=\"text\" ><p><span style=\"font-weight: 400\">Roque S\u00e1enz Pe\u00f1a 600, esquina Alpatacal, Sexta Secci\u00f3n, Ciudad de Mendoza<\/span><\/p>\n<\/div><\/div><footer class=\"entry-footer\"><\/footer><\/article>\n\n<style type=\"text\/css\" data-created_by=\"avia_inline_auto\" id=\"style-css-av-mf6t6mhu-813d757c159b93b003a1f3d7778aa0bc\">\n.avia-image-container.av-mf6t6mhu-813d757c159b93b003a1f3d7778aa0bc img.avia_image{\nbox-shadow:none;\n}\n.avia-image-container.av-mf6t6mhu-813d757c159b93b003a1f3d7778aa0bc .av-image-caption-overlay-center{\ncolor:#ffffff;\n}\n<\/style>\n<div  class='avia-image-container av-mf6t6mhu-813d757c159b93b003a1f3d7778aa0bc av-styling- avia_animated_image av-animated-when-visible-95 left-to-right avia-align-left  avia-builder-el-1  el_after_av_icon_box  el_before_av_hr '   itemprop=\"image\" itemscope=\"itemscope\" itemtype=\"https:\/\/schema.org\/ImageObject\" ><div class=\"avia-image-container-inner\"><div class=\"avia-image-overlay-wrap\"><img decoding=\"async\" fetchpriority=\"high\" class='wp-image-18178 avia-img-lazy-loading-not-18178 avia_image ' src=\"https:\/\/vivifrancia.com.ar\/2026\/wp-content\/uploads\/sites\/48\/Cafe.png\" alt='' title='Caf\u00e9'  height=\"346\" width=\"572\"  itemprop=\"thumbnailUrl\" srcset=\"https:\/\/vivifrancia.com.ar\/2026\/wp-content\/uploads\/sites\/48\/Cafe.png 572w, https:\/\/vivifrancia.com.ar\/2026\/wp-content\/uploads\/sites\/48\/Cafe-300x181.png 300w\" sizes=\"(max-width: 572px) 100vw, 572px\" \/><\/div><\/div><\/div>\n\n<style type=\"text\/css\" data-created_by=\"avia_inline_auto\" id=\"style-css-av-2ggjpi8-1f838767de04489c2eb2718d51b5c8f8\">\n#top .hr.hr-invisible.av-2ggjpi8-1f838767de04489c2eb2718d51b5c8f8{\nheight:12px;\n}\n<\/style>\n<div  class='hr av-2ggjpi8-1f838767de04489c2eb2718d51b5c8f8 hr-invisible  avia-builder-el-2  el_after_av_image  el_before_av_two_third '><span class='hr-inner '><span class=\"hr-inner-style\"><\/span><\/span><\/div>\n\n<style type=\"text\/css\" data-created_by=\"avia_inline_auto\" id=\"style-css-av-7y7fi8-176d0ff052136df733fdbe90731756c9\">\n.flex_column.av-7y7fi8-176d0ff052136df733fdbe90731756c9{\nborder-radius:0px 0px 0px 0px;\npadding:0px 0px 0px 0px;\n}\n<\/style>\n<div  class='flex_column av-7y7fi8-176d0ff052136df733fdbe90731756c9 av_two_third  avia-builder-el-3  el_after_av_hr  el_before_av_one_third  first flex_column_div av-zero-column-padding  '     ><p>\n<style type=\"text\/css\" data-created_by=\"avia_inline_auto\" id=\"style-css-av-1m6w65c-fb99618ca9992e4c38e15bfcb094bb42\">\n#top .hr.hr-invisible.av-1m6w65c-fb99618ca9992e4c38e15bfcb094bb42{\nheight:12px;\n}\n<\/style>\n<div  class='hr av-1m6w65c-fb99618ca9992e4c38e15bfcb094bb42 hr-invisible  avia-builder-el-4  el_before_av_textblock  avia-builder-el-first '><span class='hr-inner '><span class=\"hr-inner-style\"><\/span><\/span><\/div><br \/>\n\n<style type=\"text\/css\" data-created_by=\"avia_inline_auto\" id=\"style-css-av-mf6t5ld0-44e1c0a5bb4bd3b4a6dc02f73434dc2e\">\n#top .av_textblock_section.av-mf6t5ld0-44e1c0a5bb4bd3b4a6dc02f73434dc2e .avia_textblock{\nfont-size:15px;\n}\n<\/style>\n<section  class='av_textblock_section av-mf6t5ld0-44e1c0a5bb4bd3b4a6dc02f73434dc2e '   itemscope=\"itemscope\" itemtype=\"https:\/\/schema.org\/CreativeWork\" ><div class='avia_textblock'  itemprop=\"text\" ><p><b>Instagram:<\/b><span style=\"font-weight: 400\"> @cafegourmand.mdz<\/span><span style=\"font-weight: 400\"><br \/>\n<\/span><b>cafegourmand.mdz@gmail.com<\/b><\/p>\n<p><b>Del 07\/09 al 13\/09<\/b><\/p>\n<p><b>PROPUESTA GASTRON\u00d3MICA FRANCESA \u2013 A LA CARTA<\/b><\/p>\n<p><b>Sin reserva previa<\/b><\/p>\n<p><span style=\"font-weight: 400\">Cafeter\u00eda y pasteler\u00eda de elaboraci\u00f3n propia con una <\/span><b>propuesta especial de productos inspirados en Francia<\/b><span style=\"font-weight: 400\">, que incluye opciones de pasteler\u00eda y bebidas alusivas a la gastronom\u00eda francesa, disponibles a la carta durante Viv\u00ed Francia.<\/span><\/p>\n<\/div><\/section><br \/>\n<div  class='avia-button-wrap av-19c1sgw-e9598291d0771ef77c364d87dbe625f7-wrap avia-button-left  avia-builder-el-6  el_after_av_textblock  avia-builder-el-last '><a href='https:\/\/vivifrancia.com.ar\/2026\/ruta-gourmet-cuyo\/'  class='avia-button av-19c1sgw-e9598291d0771ef77c364d87dbe625f7 av-link-btn avia-icon_select-yes-left-icon avia-size-medium avia-position-left avia-color-theme-color'   aria-label=\"Regresar al listado\"><span class='avia_button_icon avia_button_icon_left avia-iconfont avia-font-entypo-fontello' data-av_icon='\ue884' data-av_iconfont='entypo-fontello' ><\/span><span class='avia_iconbox_title' >Regresar al listado<\/span><\/a><\/div><\/p><\/div>\n<style type=\"text\/css\" data-created_by=\"avia_inline_auto\" id=\"style-css-av-u2p4lc-3942f3ca538f7b2dc431105b1f7e1603\">\n.flex_column.av-u2p4lc-3942f3ca538f7b2dc431105b1f7e1603{\nborder-radius:0px 0px 0px 0px;\npadding:0px 0px 0px 0px;\n}\n<\/style>\n<div  class='flex_column av-u2p4lc-3942f3ca538f7b2dc431105b1f7e1603 av_one_third  avia-builder-el-7  el_after_av_two_third  avia-builder-el-last  flex_column_div av-zero-column-padding  '     ><\/div><\/p>\n","protected":false},"excerpt":{"rendered":"<p>Ciudad de Mendoza<\/p>\n","protected":false},"author":7,"featured_media":16865,"comment_status":"closed","ping_status":"closed","template":"","meta":{"inline_featured_image":false,"footnotes":""},"tags":[],"portfolio_entries":[132,154],"class_list":["post-16864","portfolio","type-portfolio","status-publish","has-post-thumbnail","hentry","portfolio_entries-mendoza","portfolio_entries-cafes-salons-de-the-mendoza"],"yoast_head":"<!-- This site is optimized with the Yoast SEO plugin v28.4 - https:\/\/yoast.com\/product\/yoast-seo-wordpress\/ -->\n<title>Caf\u00e9 Gourmand - Viv\u00ed Francia 2026<\/title>\n<meta name=\"robots\" content=\"index, follow, max-snippet:-1, max-image-preview:large, max-video-preview:-1\" \/>\n<link rel=\"canonical\" href=\"https:\/\/vivifrancia.com.ar\/2026\/listado\/cafe-gourmand\/\" \/>\n<meta property=\"og:locale\" content=\"es_ES\" \/>\n<meta property=\"og:type\" content=\"article\" \/>\n<meta property=\"og:title\" content=\"Caf\u00e9 Gourmand - Viv\u00ed Francia 2026\" \/>\n<meta property=\"og:description\" content=\"Ciudad de Mendoza\" \/>\n<meta property=\"og:url\" content=\"https:\/\/vivifrancia.com.ar\/2026\/listado\/cafe-gourmand\/\" \/>\n<meta property=\"og:site_name\" content=\"Viv\u00ed Francia 2026\" \/>\n<meta property=\"article:publisher\" content=\"https:\/\/www.facebook.com\/vivifranciaba\" \/>\n<meta property=\"article:modified_time\" content=\"2026-09-04T14:56:01+00:00\" \/>\n<meta property=\"og:image\" content=\"https:\/\/vivifrancia.com.ar\/2026\/wp-content\/uploads\/sites\/48\/cafe-gourmand-1.jpg\" \/>\n\t<meta property=\"og:image:width\" content=\"495\" \/>\n\t<meta property=\"og:image:height\" content=\"400\" \/>\n\t<meta property=\"og:image:type\" content=\"image\/jpeg\" \/>\n<meta name=\"twitter:card\" content=\"summary_large_image\" \/>\n<meta name=\"twitter:label1\" content=\"Tiempo de lectura\" \/>\n\t<meta name=\"twitter:data1\" content=\"1 minuto\" \/>\n<script type=\"application\/ld+json\" class=\"yoast-schema-graph\">{\"@context\":\"https:\\\/\\\/schema.org\",\"@graph\":[{\"@type\":\"WebPage\",\"@id\":\"https:\\\/\\\/vivifrancia.com.ar\\\/2026\\\/listado\\\/cafe-gourmand\\\/\",\"url\":\"https:\\\/\\\/vivifrancia.com.ar\\\/2026\\\/listado\\\/cafe-gourmand\\\/\",\"name\":\"Caf\u00e9 Gourmand - Viv\u00ed Francia 2026\",\"isPartOf\":{\"@id\":\"https:\\\/\\\/vivifrancia.com.ar\\\/2026\\\/#website\"},\"primaryImageOfPage\":{\"@id\":\"https:\\\/\\\/vivifrancia.com.ar\\\/2026\\\/listado\\\/cafe-gourmand\\\/#primaryimage\"},\"image\":{\"@id\":\"https:\\\/\\\/vivifrancia.com.ar\\\/2026\\\/listado\\\/cafe-gourmand\\\/#primaryimage\"},\"thumbnailUrl\":\"https:\\\/\\\/vivifrancia.com.ar\\\/2026\\\/wp-content\\\/uploads\\\/sites\\\/48\\\/cafe-gourmand-1.jpg\",\"datePublished\":\"2025-09-05T12:27:06+00:00\",\"dateModified\":\"2026-09-04T14:56:01+00:00\",\"breadcrumb\":{\"@id\":\"https:\\\/\\\/vivifrancia.com.ar\\\/2026\\\/listado\\\/cafe-gourmand\\\/#breadcrumb\"},\"inLanguage\":\"es\",\"potentialAction\":[{\"@type\":\"ReadAction\",\"target\":[\"https:\\\/\\\/vivifrancia.com.ar\\\/2026\\\/listado\\\/cafe-gourmand\\\/\"]}]},{\"@type\":\"ImageObject\",\"inLanguage\":\"es\",\"@id\":\"https:\\\/\\\/vivifrancia.com.ar\\\/2026\\\/listado\\\/cafe-gourmand\\\/#primaryimage\",\"url\":\"https:\\\/\\\/vivifrancia.com.ar\\\/2026\\\/wp-content\\\/uploads\\\/sites\\\/48\\\/cafe-gourmand-1.jpg\",\"contentUrl\":\"https:\\\/\\\/vivifrancia.com.ar\\\/2026\\\/wp-content\\\/uploads\\\/sites\\\/48\\\/cafe-gourmand-1.jpg\",\"width\":495,\"height\":400},{\"@type\":\"BreadcrumbList\",\"@id\":\"https:\\\/\\\/vivifrancia.com.ar\\\/2026\\\/listado\\\/cafe-gourmand\\\/#breadcrumb\",\"itemListElement\":[{\"@type\":\"ListItem\",\"position\":1,\"name\":\"Portada\",\"item\":\"https:\\\/\\\/vivifrancia.com.ar\\\/2026\\\/\"},{\"@type\":\"ListItem\",\"position\":2,\"name\":\"Caf\u00e9 Gourmand\"}]},{\"@type\":\"WebSite\",\"@id\":\"https:\\\/\\\/vivifrancia.com.ar\\\/2026\\\/#website\",\"url\":\"https:\\\/\\\/vivifrancia.com.ar\\\/2026\\\/\",\"name\":\"Viv\u00ed Francia 2026\",\"description\":\"Las semanas francesas en Argentina\",\"potentialAction\":[{\"@type\":\"SearchAction\",\"target\":{\"@type\":\"EntryPoint\",\"urlTemplate\":\"https:\\\/\\\/vivifrancia.com.ar\\\/2026\\\/?s={search_term_string}\"},\"query-input\":{\"@type\":\"PropertyValueSpecification\",\"valueRequired\":true,\"valueName\":\"search_term_string\"}}],\"inLanguage\":\"es\"}]}<\/script>\n<!-- \/ Yoast SEO plugin. -->","yoast_head_json":{"title":"Caf\u00e9 Gourmand - Viv\u00ed Francia 2026","robots":{"index":"index","follow":"follow","max-snippet":"max-snippet:-1","max-image-preview":"max-image-preview:large","max-video-preview":"max-video-preview:-1"},"canonical":"https:\/\/vivifrancia.com.ar\/2026\/listado\/cafe-gourmand\/","og_locale":"es_ES","og_type":"article","og_title":"Caf\u00e9 Gourmand - Viv\u00ed Francia 2026","og_description":"Ciudad de Mendoza","og_url":"https:\/\/vivifrancia.com.ar\/2026\/listado\/cafe-gourmand\/","og_site_name":"Viv\u00ed Francia 2026","article_publisher":"https:\/\/www.facebook.com\/vivifranciaba","article_modified_time":"2026-09-04T14:56:01+00:00","og_image":[{"width":495,"height":400,"url":"https:\/\/vivifrancia.com.ar\/2026\/wp-content\/uploads\/sites\/48\/cafe-gourmand-1.jpg","type":"image\/jpeg"}],"twitter_card":"summary_large_image","twitter_misc":{"Tiempo de lectura":"1 minuto"},"schema":{"@context":"https:\/\/schema.org","@graph":[{"@type":"WebPage","@id":"https:\/\/vivifrancia.com.ar\/2026\/listado\/cafe-gourmand\/","url":"https:\/\/vivifrancia.com.ar\/2026\/listado\/cafe-gourmand\/","name":"Caf\u00e9 Gourmand - Viv\u00ed Francia 2026","isPartOf":{"@id":"https:\/\/vivifrancia.com.ar\/2026\/#website"},"primaryImageOfPage":{"@id":"https:\/\/vivifrancia.com.ar\/2026\/listado\/cafe-gourmand\/#primaryimage"},"image":{"@id":"https:\/\/vivifrancia.com.ar\/2026\/listado\/cafe-gourmand\/#primaryimage"},"thumbnailUrl":"https:\/\/vivifrancia.com.ar\/2026\/wp-content\/uploads\/sites\/48\/cafe-gourmand-1.jpg","datePublished":"2025-09-05T12:27:06+00:00","dateModified":"2026-09-04T14:56:01+00:00","breadcrumb":{"@id":"https:\/\/vivifrancia.com.ar\/2026\/listado\/cafe-gourmand\/#breadcrumb"},"inLanguage":"es","potentialAction":[{"@type":"ReadAction","target":["https:\/\/vivifrancia.com.ar\/2026\/listado\/cafe-gourmand\/"]}]},{"@type":"ImageObject","inLanguage":"es","@id":"https:\/\/vivifrancia.com.ar\/2026\/listado\/cafe-gourmand\/#primaryimage","url":"https:\/\/vivifrancia.com.ar\/2026\/wp-content\/uploads\/sites\/48\/cafe-gourmand-1.jpg","contentUrl":"https:\/\/vivifrancia.com.ar\/2026\/wp-content\/uploads\/sites\/48\/cafe-gourmand-1.jpg","width":495,"height":400},{"@type":"BreadcrumbList","@id":"https:\/\/vivifrancia.com.ar\/2026\/listado\/cafe-gourmand\/#breadcrumb","itemListElement":[{"@type":"ListItem","position":1,"name":"Portada","item":"https:\/\/vivifrancia.com.ar\/2026\/"},{"@type":"ListItem","position":2,"name":"Caf\u00e9 Gourmand"}]},{"@type":"WebSite","@id":"https:\/\/vivifrancia.com.ar\/2026\/#website","url":"https:\/\/vivifrancia.com.ar\/2026\/","name":"Viv\u00ed Francia 2026","description":"Las semanas francesas en Argentina","potentialAction":[{"@type":"SearchAction","target":{"@type":"EntryPoint","urlTemplate":"https:\/\/vivifrancia.com.ar\/2026\/?s={search_term_string}"},"query-input":{"@type":"PropertyValueSpecification","valueRequired":true,"valueName":"search_term_string"}}],"inLanguage":"es"}]}},"_links":{"self":[{"href":"https:\/\/vivifrancia.com.ar\/2026\/wp-json\/wp\/v2\/portfolio\/16864","targetHints":{"allow":["GET"]}}],"collection":[{"href":"https:\/\/vivifrancia.com.ar\/2026\/wp-json\/wp\/v2\/portfolio"}],"about":[{"href":"https:\/\/vivifrancia.com.ar\/2026\/wp-json\/wp\/v2\/types\/portfolio"}],"author":[{"embeddable":true,"href":"https:\/\/vivifrancia.com.ar\/2026\/wp-json\/wp\/v2\/users\/7"}],"replies":[{"embeddable":true,"href":"https:\/\/vivifrancia.com.ar\/2026\/wp-json\/wp\/v2\/comments?post=16864"}],"version-history":[{"count":3,"href":"https:\/\/vivifrancia.com.ar\/2026\/wp-json\/wp\/v2\/portfolio\/16864\/revisions"}],"predecessor-version":[{"id":16867,"href":"https:\/\/vivifrancia.com.ar\/2026\/wp-json\/wp\/v2\/portfolio\/16864\/revisions\/16867"}],"wp:featuredmedia":[{"embeddable":true,"href":"https:\/\/vivifrancia.com.ar\/2026\/wp-json\/wp\/v2\/media\/16865"}],"wp:attachment":[{"href":"https:\/\/vivifrancia.com.ar\/2026\/wp-json\/wp\/v2\/media?parent=16864"}],"wp:term":[{"taxonomy":"post_tag","embeddable":true,"href":"https:\/\/vivifrancia.com.ar\/2026\/wp-json\/wp\/v2\/tags?post=16864"},{"taxonomy":"portfolio_entries","embeddable":true,"href":"https:\/\/vivifrancia.com.ar\/2026\/wp-json\/wp\/v2\/portfolio_entries?post=16864"}],"curies":[{"name":"wp","href":"https:\/\/api.w.org\/{rel}","templated":true}]}}